{"id":4294,"date":"2025-05-27T10:28:07","date_gmt":"2025-05-27T08:28:07","guid":{"rendered":"https:\/\/www.janning-picker.de\/paralizacion-de-la-marcha-en-schleswig-holstein\/"},"modified":"2025-06-26T11:54:08","modified_gmt":"2025-06-26T09:54:08","slug":"paralizacion-de-la-marcha-en-schleswig-holstein","status":"publish","type":"page","link":"https:\/\/www.janning-picker.de\/es\/paralizacion-de-la-marcha-en-schleswig-holstein\/","title":{"rendered":"Schleswig Holstein &#8211; parada &#8211; marcha"},"content":{"rendered":"\t\t<div data-elementor-type=\"wp-page\" data-elementor-id=\"4294\" class=\"elementor elementor-4294 elementor-4291\" data-elementor-post-type=\"page\">\n\t\t\t\t<div class=\"elementor-element elementor-element-2fc43b7 e-flex e-con-boxed e-con e-parent\" data-id=\"2fc43b7\" data-element_type=\"container\">\n\t\t\t\t\t<div class=\"e-con-inner\">\n\t\t<div class=\"elementor-element elementor-element-24fd9278 e-con-full e-flex e-con e-child\" data-id=\"24fd9278\" data-element_type=\"container\" data-settings=\"{&quot;background_background&quot;:&quot;classic&quot;}\">\n\t\t\t\t<div class=\"elementor-element elementor-element-14d4c059 elementor-widget elementor-widget-heading\" data-id=\"14d4c059\" data-element_type=\"widget\" data-widget_type=\"heading.default\">\n\t\t\t\t<div class=\"elementor-widget-container\">\n\t\t\t\t\t<h1 class=\"elementor-heading-title elementor-size-default\">Schleswig Holstein - \u00a1Quieto - En marcha!<\/h1>\t\t\t\t<\/div>\n\t\t\t\t<\/div>\n\t\t\t\t<\/div>\n\t\t\t\t\t<\/div>\n\t\t\t\t<\/div>\n\t\t<div class=\"elementor-element elementor-element-5db60c15 e-flex e-con-boxed e-con e-parent\" data-id=\"5db60c15\" data-element_type=\"container\">\n\t\t\t\t\t<div class=\"e-con-inner\">\n\t\t<div class=\"elementor-element elementor-element-ed4ec32 e-con-full e-flex e-con e-child\" data-id=\"ed4ec32\" data-element_type=\"container\">\n\t\t\t\t<div class=\"elementor-element elementor-element-4dfb1882 elementor-widget elementor-widget-image\" data-id=\"4dfb1882\" data-element_type=\"widget\" data-widget_type=\"image.default\">\n\t\t\t\t<div class=\"elementor-widget-container\">\n\t\t\t\t\t\t\t\t\t\t\t\t\t\t\t\t<a href=\"https:\/\/www.janning-picker.de\/wp-content\/uploads\/2025\/05\/Schleswig-Holstein-Friedrichskoog-Watt.jpg\" data-elementor-open-lightbox=\"yes\" data-elementor-lightbox-title=\"OLYMPUS DIGITAL CAMERA\" data-elementor-lightbox-description=\"Schleswig-Holstein-Friedrichskoog-Watt\" data-e-action-hash=\"#elementor-action%3Aaction%3Dlightbox%26settings%3DeyJpZCI6NDI5OSwidXJsIjoiaHR0cHM6XC9cL3d3dy5qYW5uaW5nLXBpY2tlci5kZVwvd3AtY29udGVudFwvdXBsb2Fkc1wvMjAyNVwvMDVcL1NjaGxlc3dpZy1Ib2xzdGVpbi1GcmllZHJpY2hza29vZy1XYXR0LmpwZyJ9\">\n\t\t\t\t\t\t\t<img fetchpriority=\"high\" decoding=\"async\" width=\"768\" height=\"512\" src=\"https:\/\/www.janning-picker.de\/wp-content\/uploads\/2025\/05\/Schleswig-Holstein-Friedrichskoog-Watt-768x512.jpg\" class=\"attachment-medium_large size-medium_large wp-image-4299\" alt=\"Schleswig-Holstein-Friedrichskoog-Watt\" srcset=\"https:\/\/www.janning-picker.de\/wp-content\/uploads\/2025\/05\/Schleswig-Holstein-Friedrichskoog-Watt-768x512.jpg 768w, https:\/\/www.janning-picker.de\/wp-content\/uploads\/2025\/05\/Schleswig-Holstein-Friedrichskoog-Watt-300x200.jpg 300w, https:\/\/www.janning-picker.de\/wp-content\/uploads\/2025\/05\/Schleswig-Holstein-Friedrichskoog-Watt.jpg 800w\" sizes=\"(max-width: 768px) 100vw, 768px\" \/>\t\t\t\t\t\t\t\t<\/a>\n\t\t\t\t\t\t\t\t\t\t\t\t\t\t\t<\/div>\n\t\t\t\t<\/div>\n\t\t\t\t<\/div>\n\t\t<div class=\"elementor-element elementor-element-785e803d e-con-full e-flex e-con e-child\" data-id=\"785e803d\" data-element_type=\"container\">\n\t\t\t\t<div class=\"elementor-element elementor-element-505a50f elementor-widget elementor-widget-heading\" data-id=\"505a50f\" data-element_type=\"widget\" data-widget_type=\"heading.default\">\n\t\t\t\t<div class=\"elementor-widget-container\">\n\t\t\t\t\t<h3 class=\"elementor-heading-title elementor-size-default\">De Gl\u00fcckstadt al Canal de Kiel<\/h3>\t\t\t\t<\/div>\n\t\t\t\t<\/div>\n\t\t\t\t<div class=\"elementor-element elementor-element-35d318db elementor-widget elementor-widget-text-editor\" data-id=\"35d318db\" data-element_type=\"widget\" data-widget_type=\"text-editor.default\">\n\t\t\t\t<div class=\"elementor-widget-container\">\n\t\t\t\t\t\t\t\t\t<p>Nos reunimos en el puerto de <strong><em>Gl\u00fcckstadt <\/em><\/strong>una ciudad cuyo propio nombre transmite un estado de \u00e1nimo positivo. Tras una bienvenida y una presentaci\u00f3n del programa con el pintoresco <em>Elba<\/em> como tel\u00f3n de fondo, nos dirigimos a <strong><em>Brunsb\u00fcttel <\/em><\/strong>Brunsb\u00fcttel, donde visitaremos las <em>c\u00e1maras de las esclusas<\/em> a la entrada del <strong><em>Canal de Kiel<\/em><\/strong> y, si el tiempo lo permite, tomaremos el transbordador. Con un poco de suerte, podremos ver uno de los 100 barcos que pasan a diario por el Canal de Kiel.  <\/p>\t\t\t\t\t\t\t\t<\/div>\n\t\t\t\t<\/div>\n\t\t\t\t<\/div>\n\t\t\t\t\t<\/div>\n\t\t\t\t<\/div>\n\t\t<div class=\"elementor-element elementor-element-52c3c1f2 e-flex e-con-boxed e-con e-parent\" data-id=\"52c3c1f2\" data-element_type=\"container\">\n\t\t\t\t\t<div class=\"e-con-inner\">\n\t\t<div class=\"elementor-element elementor-element-105da2be e-con-full e-flex e-con e-child\" data-id=\"105da2be\" data-element_type=\"container\">\n\t\t\t\t<div class=\"elementor-element elementor-element-99ea539 elementor-widget elementor-widget-heading\" data-id=\"99ea539\" data-element_type=\"widget\" data-widget_type=\"heading.default\">\n\t\t\t\t<div class=\"elementor-widget-container\">\n\t\t\t\t\t<h3 class=\"elementor-heading-title elementor-size-default\">De Marne a Meldorf<\/h3>\t\t\t\t<\/div>\n\t\t\t\t<\/div>\n\t\t\t\t<div class=\"elementor-element elementor-element-16f654c2 elementor-widget elementor-widget-text-editor\" data-id=\"16f654c2\" data-element_type=\"widget\" data-widget_type=\"text-editor.default\">\n\t\t\t\t<div class=\"elementor-widget-container\">\n\t\t\t\t\t\t\t\t\t<p>Este recorrido por Schleswig-Holstein contin\u00faa por <strong><em>Marne <\/em><\/strong>la capital del carnaval de Schleswig-Holstein hasta Friedrichskoog <strong><em>Friedrichskoog <\/em><\/strong>donde podemos dar un breve paseo por el dique a orillas del agua. Con el mar de Wadden enfrente, este peque\u00f1o rinc\u00f3n del mundo tambi\u00e9n ofrece otras interesantes exploraciones a pie. A continuaci\u00f3n, esta excursi\u00f3n por Schleswig-Holstein nos lleva a trav\u00e9s de muchos pantanos para llegar a <strong><em>Meldorf <\/em><\/strong>donde puedo ilustrar v\u00edvidamente la cantidad de tierra que la poblaci\u00f3n local ha ganado al mar con sus llamados \u201cK\u00f6ge\u201d. El Museo Agr\u00edcola de Schleswig-Holstein tiene su sede en Meldorf, donde tambi\u00e9n podr\u00e1s experimentar el tejido a mano hist\u00f3rico.   <\/p>\t\t\t\t\t\t\t\t<\/div>\n\t\t\t\t<\/div>\n\t\t\t\t<\/div>\n\t\t\t\t\t<\/div>\n\t\t\t\t<\/div>\n\t\t<div class=\"elementor-element elementor-element-550b34c5 e-flex e-con-boxed e-con e-parent\" data-id=\"550b34c5\" data-element_type=\"container\">\n\t\t\t\t\t<div class=\"e-con-inner\">\n\t\t<div class=\"elementor-element elementor-element-20b21aa1 e-con-full e-flex e-con e-child\" data-id=\"20b21aa1\" data-element_type=\"container\">\n\t\t\t\t<div class=\"elementor-element elementor-element-529e321 elementor-widget elementor-widget-heading\" data-id=\"529e321\" data-element_type=\"widget\" data-widget_type=\"heading.default\">\n\t\t\t\t<div class=\"elementor-widget-container\">\n\t\t\t\t\t<h3 class=\"elementor-heading-title elementor-size-default\">B\u00fcsum<\/h3>\t\t\t\t<\/div>\n\t\t\t\t<\/div>\n\t\t\t\t<div class=\"elementor-element elementor-element-4693b031 elementor-widget elementor-widget-text-editor\" data-id=\"4693b031\" data-element_type=\"widget\" data-widget_type=\"text-editor.default\">\n\t\t\t\t<div class=\"elementor-widget-container\">\n\t\t\t\t\t\t\t\t\t<p>Tras una breve visita a la <strong><em>Catedral de Meldorf<\/em><\/strong> nos dirigimos a <strong><em>B\u00fcsum <\/em><\/strong>que nos saluda desde lejos con su faro. Adem\u00e1s del \u201cmundo de las tormentas Blanker Hans\u201d, este balneario del Mar del Norte tambi\u00e9n cuenta con un <strong><em>puerto museo<\/em><\/strong> puerto y una traves\u00eda en ferry a Heligoland. El pintoresco paseo mar\u00edtimo del puerto cuenta con muchos c\u00fateres de pesca en condiciones de navegar y otras embarcaciones hist\u00f3ricas. Seg\u00fan el itinerario de la excursi\u00f3n a Schleswig-Holstein, se puede organizar aqu\u00ed el almuerzo.   <\/p>\t\t\t\t\t\t\t\t<\/div>\n\t\t\t\t<\/div>\n\t\t\t\t<\/div>\n\t\t\t\t\t<\/div>\n\t\t\t\t<\/div>\n\t\t<div class=\"elementor-element elementor-element-9ce4bbf e-flex e-con-boxed e-con e-parent\" data-id=\"9ce4bbf\" data-element_type=\"container\">\n\t\t\t\t\t<div class=\"e-con-inner\">\n\t\t<div class=\"elementor-element elementor-element-32594deb e-con-full e-flex e-con e-child\" data-id=\"32594deb\" data-element_type=\"container\">\n\t\t\t\t<div class=\"elementor-element elementor-element-e5d8ac0 elementor-widget elementor-widget-heading\" data-id=\"e5d8ac0\" data-element_type=\"widget\" data-widget_type=\"heading.default\">\n\t\t\t\t<div class=\"elementor-widget-container\">\n\t\t\t\t\t<h3 class=\"elementor-heading-title elementor-size-default\">Heath<\/h3>\t\t\t\t<\/div>\n\t\t\t\t<\/div>\n\t\t\t\t<div class=\"elementor-element elementor-element-317c1f18 elementor-widget elementor-widget-text-editor\" data-id=\"317c1f18\" data-element_type=\"widget\" data-widget_type=\"text-editor.default\">\n\t\t\t\t<div class=\"elementor-widget-container\">\n\t\t\t\t\t\t\t\t\t<p>El viaje de ida nos lleva a <strong><em>Heide <\/em><\/strong>donde nos espera el mayor mercado de Alemania. Con la <strong><em>Iglesia de San J\u00fcrgen<\/em><\/strong> en el suroeste, Heide tambi\u00e9n merece una parada. Tambi\u00e9n puedes almorzar aqu\u00ed. Luego continuamos por pantanos y turberas hasta el <strong><em>Parque de la Edad de Piedra de Albersdorf<\/em><\/strong>donde podremos hacer un poco de senderismo y, si lo deseamos, visitar el Museo de Arqueolog\u00eda y Ecolog\u00eda Dithmarschen.   <\/p>\t\t\t\t\t\t\t\t<\/div>\n\t\t\t\t<\/div>\n\t\t\t\t<\/div>\n\t\t\t\t\t<\/div>\n\t\t\t\t<\/div>\n\t\t<div class=\"elementor-element elementor-element-790322aa e-flex e-con-boxed e-con e-parent\" data-id=\"790322aa\" data-element_type=\"container\">\n\t\t\t\t\t<div class=\"e-con-inner\">\n\t\t<div class=\"elementor-element elementor-element-6c4349cf e-con-full e-flex e-con e-child\" data-id=\"6c4349cf\" data-element_type=\"container\">\n\t\t\t\t<div class=\"elementor-element elementor-element-2fed50a elementor-widget elementor-widget-heading\" data-id=\"2fed50a\" data-element_type=\"widget\" data-widget_type=\"heading.default\">\n\t\t\t\t<div class=\"elementor-widget-container\">\n\t\t\t\t\t<h3 class=\"elementor-heading-title elementor-size-default\">De Wacken al Castillo de Barmstedt<\/h3>\t\t\t\t<\/div>\n\t\t\t\t<\/div>\n\t\t\t\t<div class=\"elementor-element elementor-element-6c566cd8 elementor-widget elementor-widget-text-editor\" data-id=\"6c566cd8\" data-element_type=\"widget\" data-widget_type=\"text-editor.default\">\n\t\t\t\t<div class=\"elementor-widget-container\">\n\t\t\t\t\t\t\t\t\t<p>En el viaje de ida a <strong><em>Barmstedt<\/em> <\/strong>tomamos un peque\u00f1o desv\u00edo por el pueblo de Wacken, insignificante en s\u00ed mismo y que se convierte una vez al a\u00f1o en lugar de peregrinaci\u00f3n para los aficionados alemanes y extranjeros a los festivales con el \u201cWacken Open Air\u201d. Tambi\u00e9n <strong><em>Itzehoe<\/em><\/strong> tambi\u00e9n puede incluirse en el itinerario si se planifica el d\u00eda adecuadamente. Una vez que lleguemos a Barmstedt, exploraremos la isla del castillo con el <strong><em>castillo<\/em><\/strong> y disfrutaremos aqu\u00ed de caf\u00e9 y pasteles, que podremos degustar durante un paseo por el <strong><em>Rantzauer See<\/em> <\/strong>de nuevo durante un paseo por el Rantzauer See.  <\/p>\t\t\t\t\t\t\t\t<\/div>\n\t\t\t\t<\/div>\n\t\t\t\t<\/div>\n\t\t\t\t\t<\/div>\n\t\t\t\t<\/div>\n\t\t<div class=\"elementor-element elementor-element-591d001 e-flex e-con-boxed e-con e-parent\" data-id=\"591d001\" data-element_type=\"container\">\n\t\t\t\t\t<div class=\"e-con-inner\">\n\t\t<div class=\"elementor-element elementor-element-006073b e-con-full e-flex e-con e-child\" data-id=\"006073b\" data-element_type=\"container\">\n\t\t\t\t<div class=\"elementor-element elementor-element-8d857ad elementor-widget elementor-widget-heading\" data-id=\"8d857ad\" data-element_type=\"widget\" data-widget_type=\"heading.default\">\n\t\t\t\t<div class=\"elementor-widget-container\">\n\t\t\t\t\t<h3 class=\"elementor-heading-title elementor-size-default\">En la recta final hacia Elmshorn<\/h3>\t\t\t\t<\/div>\n\t\t\t\t<\/div>\n\t\t\t\t<div class=\"elementor-element elementor-element-7873ecb elementor-widget elementor-widget-text-editor\" data-id=\"7873ecb\" data-element_type=\"widget\" data-widget_type=\"text-editor.default\">\n\t\t\t\t<div class=\"elementor-widget-container\">\n\t\t\t\t\t\t\t\t\t<p>La recta final de nuestro recorrido por Schleswig-Holstein es la carretera de <strong><em>Elmshorn <\/em><\/strong>que llenamos de preguntas abiertas y, esperamos, respuestas concluyentes, como: \u00ab\u00bfCu\u00e1ndo vendr\u00e1s a tu pr\u00f3xima excursi\u00f3n conmigo? A continuaci\u00f3n, me despido de ti en la <em> <strong>iglesia de San Nicol\u00e1s<\/strong><\/em> de Elmshorn y espero que hayas pasado un d\u00eda muy divertido e informativo conmigo. Por supuesto, este circuito por Schleswig-Holstein puede ampliarse, acortarse o modificarse seg\u00fan tus deseos.  <\/p>\t\t\t\t\t\t\t\t<\/div>\n\t\t\t\t<\/div>\n\t\t\t\t<\/div>\n\t\t\t\t\t<\/div>\n\t\t\t\t<\/div>\n\t\t<div class=\"elementor-element elementor-element-1ee688a3 e-flex e-con-boxed e-con e-parent\" data-id=\"1ee688a3\" data-element_type=\"container\">\n\t\t\t\t\t<div class=\"e-con-inner\">\n\t\t<div class=\"elementor-element elementor-element-4f60d689 e-con-full e-flex e-con e-child\" data-id=\"4f60d689\" data-element_type=\"container\">\n\t\t\t\t<div class=\"elementor-element elementor-element-53b0e624 elementor-widget elementor-widget-heading\" data-id=\"53b0e624\" data-element_type=\"widget\" data-widget_type=\"heading.default\">\n\t\t\t\t<div class=\"elementor-widget-container\">\n\t\t\t\t\t<h3 class=\"elementor-heading-title elementor-size-default\">Breve informaci\u00f3n<\/h3>\t\t\t\t<\/div>\n\t\t\t\t<\/div>\n\t\t\t\t<div class=\"elementor-element elementor-element-5e0088f elementor-widget elementor-widget-text-editor\" data-id=\"5e0088f\" data-element_type=\"widget\" data-widget_type=\"text-editor.default\">\n\t\t\t\t<div class=\"elementor-widget-container\">\n\t\t\t\t\t\t\t\t\t<p><strong>Lugares destacados<\/strong>:<br>Gl\u00fcckstadt, esclusa del Canal de Kiel, Brunsb\u00fcttel, Marne, Friedrichskoog, Catedral de Meldorf, Faro de B\u00fcsum, brezales, turberas, Centro Arqueol\u00f3gico de Albersdorf, Wacken, Itzehoe, Castillo de Barmstedt, Elmshorn<\/p><p><strong>Distancia, duraci\u00f3n aproximada:<\/strong><br>215 km, incl. almuerzo y pausa para el caf\u00e9, aprox. 9-10 horas <\/p><p><strong>Punto de partida:<\/strong><br>Gl\u00fcckstadt<\/p><p><strong>Punto final:<\/strong><br>Elmshorn<\/p><p><strong>Transporte:<\/strong><br>en autob\u00fas, me gustar\u00eda obtener un presupuesto de una empresa de confianza para<br>.<\/p><p><strong>Nota:<\/strong><br>Esta excursi\u00f3n a Schleswig-Holstein es un viaje de un d\u00eda completo, pero, por supuesto, se puede personalizar. Ponte en contacto conmigo. Todos los monumentos se visitan desde el exterior, las visitas interiores deben acordarse con el monumento caso por caso y pueden tener que pagarse aparte.  <\/p>\t\t\t\t\t\t\t\t<\/div>\n\t\t\t\t<\/div>\n\t\t\t\t<\/div>\n\t\t\t\t\t<\/div>\n\t\t\t\t<\/div>\n\t\t<div class=\"elementor-element elementor-element-1a29fbf6 e-flex e-con-boxed e-con e-parent\" data-id=\"1a29fbf6\" data-element_type=\"container\">\n\t\t\t\t\t<div class=\"e-con-inner\">\n\t\t\t\t<div class=\"elementor-element elementor-element-1c5dc556 elementor-widget elementor-widget-spacer\" data-id=\"1c5dc556\" data-element_type=\"widget\" data-widget_type=\"spacer.default\">\n\t\t\t\t<div class=\"elementor-widget-container\">\n\t\t\t\t\t\t\t<div class=\"elementor-spacer\">\n\t\t\t<div class=\"elementor-spacer-inner\"><\/div>\n\t\t<\/div>\n\t\t\t\t\t\t<\/div>\n\t\t\t\t<\/div>\n\t\t\t\t\t<\/div>\n\t\t\t\t<\/div>\n\t\t\t\t<\/div>\n\t\t","protected":false},"excerpt":{"rendered":"<p>Schleswig Holstein &#8211; \u00a1Quieto &#8211; En marcha! De Gl\u00fcckstadt al Canal de Kiel Nos reunimos en el puerto de Gl\u00fcckstadt [&hellip;]<\/p>\n","protected":false},"author":3,"featured_media":4299,"parent":0,"menu_order":0,"comment_status":"closed","ping_status":"closed","template":"","meta":{"site-sidebar-layout":"no-sidebar","site-content-layout":"","ast-site-content-layout":"full-width-container","site-content-style":"default","site-sidebar-style":"default","ast-global-header-display":"","ast-banner-title-visibility":"","ast-main-header-display":"","ast-hfb-above-header-display":"","ast-hfb-below-header-display":"","ast-hfb-mobile-header-display":"","site-post-title":"disabled","ast-breadcrumbs-content":"","ast-featured-img":"disabled","footer-sml-layout":"","theme-transparent-header-meta":"","adv-header-id-meta":"","stick-header-meta":"","header-above-stick-meta":"","header-main-stick-meta":"","header-below-stick-meta":"","astra-migrate-meta-layouts":"default","ast-page-background-enabled":"default","ast-page-background-meta":{"desktop":{"background-color":"var(--ast-global-color-5)","background-image":"","background-repeat":"repeat","background-position":"center center","background-size":"auto","background-attachment":"scroll","background-type":"","background-media":"","overlay-type":"","overlay-color":"","overlay-opacity":"","overlay-gradient":""},"tablet":{"background-color":"","background-image":"","background-repeat":"repeat","background-position":"center center","background-size":"auto","background-attachment":"scroll","background-type":"","background-media":"","overlay-type":"","overlay-color":"","overlay-opacity":"","overlay-gradient":""},"mobile":{"background-color":"","background-image":"","background-repeat":"repeat","background-position":"center center","background-size":"auto","background-attachment":"scroll","background-type":"","background-media":"","overlay-type":"","overlay-color":"","overlay-opacity":"","overlay-gradient":""}},"ast-content-background-meta":{"desktop":{"background-color":"var(--ast-global-color-4)","background-image":"","background-repeat":"repeat","background-position":"center center","background-size":"auto","background-attachment":"scroll","background-type":"","background-media":"","overlay-type":"","overlay-color":"","overlay-opacity":"","overlay-gradient":""},"tablet":{"background-color":"var(--ast-global-color-4)","background-image":"","background-repeat":"repeat","background-position":"center center","background-size":"auto","background-attachment":"scroll","background-type":"","background-media":"","overlay-type":"","overlay-color":"","overlay-opacity":"","overlay-gradient":""},"mobile":{"background-color":"var(--ast-global-color-4)","background-image":"","background-repeat":"repeat","background-position":"center center","background-size":"auto","background-attachment":"scroll","background-type":"","background-media":"","overlay-type":"","overlay-color":"","overlay-opacity":"","overlay-gradient":""}},"footnotes":""},"class_list":["post-4294","page","type-page","status-publish","has-post-thumbnail","hentry"],"yoast_head":"<!-- This site is optimized with the Yoast SEO plugin v27.5 - https:\/\/yoast.com\/product\/yoast-seo-wordpress\/ -->\n<title>Schleswig Holstein - parada - marcha - Sarah Janning-Picker<\/title>\n<meta name=\"robots\" content=\"index, follow, max-snippet:-1, max-image-preview:large, max-video-preview:-1\" \/>\n<link rel=\"canonical\" href=\"https:\/\/www.janning-picker.de\/es\/paralizacion-de-la-marcha-en-schleswig-holstein\/\" \/>\n<meta property=\"og:locale\" content=\"es_ES\" \/>\n<meta property=\"og:type\" content=\"article\" \/>\n<meta property=\"og:title\" content=\"Schleswig Holstein - parada - marcha - Sarah Janning-Picker\" \/>\n<meta property=\"og:description\" content=\"Schleswig Holstein &#8211; \u00a1Quieto &#8211; En marcha! De Gl\u00fcckstadt al Canal de Kiel Nos reunimos en el puerto de Gl\u00fcckstadt [&hellip;]\" \/>\n<meta property=\"og:url\" content=\"https:\/\/www.janning-picker.de\/es\/paralizacion-de-la-marcha-en-schleswig-holstein\/\" \/>\n<meta property=\"og:site_name\" content=\"Sarah Janning-Picker\" \/>\n<meta property=\"article:modified_time\" content=\"2025-06-26T09:54:08+00:00\" \/>\n<meta property=\"og:image\" content=\"https:\/\/www.janning-picker.de\/wp-content\/uploads\/2025\/05\/Schleswig-Holstein-Friedrichskoog-Watt.jpg\" \/>\n\t<meta property=\"og:image:width\" content=\"800\" \/>\n\t<meta property=\"og:image:height\" content=\"533\" \/>\n\t<meta property=\"og:image:type\" content=\"image\/jpeg\" \/>\n<meta name=\"twitter:card\" content=\"summary_large_image\" \/>\n<meta name=\"twitter:label1\" content=\"Tiempo de lectura\" \/>\n\t<meta name=\"twitter:data1\" content=\"4 minutos\" \/>\n<script type=\"application\/ld+json\" class=\"yoast-schema-graph\">{\"@context\":\"https:\\\/\\\/schema.org\",\"@graph\":[{\"@type\":\"WebPage\",\"@id\":\"https:\\\/\\\/www.janning-picker.de\\\/es\\\/paralizacion-de-la-marcha-en-schleswig-holstein\\\/\",\"url\":\"https:\\\/\\\/www.janning-picker.de\\\/es\\\/paralizacion-de-la-marcha-en-schleswig-holstein\\\/\",\"name\":\"Schleswig Holstein - parada - marcha - Sarah Janning-Picker\",\"isPartOf\":{\"@id\":\"https:\\\/\\\/www.janning-picker.de\\\/es\\\/#website\"},\"primaryImageOfPage\":{\"@id\":\"https:\\\/\\\/www.janning-picker.de\\\/es\\\/paralizacion-de-la-marcha-en-schleswig-holstein\\\/#primaryimage\"},\"image\":{\"@id\":\"https:\\\/\\\/www.janning-picker.de\\\/es\\\/paralizacion-de-la-marcha-en-schleswig-holstein\\\/#primaryimage\"},\"thumbnailUrl\":\"https:\\\/\\\/www.janning-picker.de\\\/wp-content\\\/uploads\\\/2025\\\/05\\\/Schleswig-Holstein-Friedrichskoog-Watt.jpg\",\"datePublished\":\"2025-05-27T08:28:07+00:00\",\"dateModified\":\"2025-06-26T09:54:08+00:00\",\"breadcrumb\":{\"@id\":\"https:\\\/\\\/www.janning-picker.de\\\/es\\\/paralizacion-de-la-marcha-en-schleswig-holstein\\\/#breadcrumb\"},\"inLanguage\":\"es\",\"potentialAction\":[{\"@type\":\"ReadAction\",\"target\":[\"https:\\\/\\\/www.janning-picker.de\\\/es\\\/paralizacion-de-la-marcha-en-schleswig-holstein\\\/\"]}]},{\"@type\":\"ImageObject\",\"inLanguage\":\"es\",\"@id\":\"https:\\\/\\\/www.janning-picker.de\\\/es\\\/paralizacion-de-la-marcha-en-schleswig-holstein\\\/#primaryimage\",\"url\":\"https:\\\/\\\/www.janning-picker.de\\\/wp-content\\\/uploads\\\/2025\\\/05\\\/Schleswig-Holstein-Friedrichskoog-Watt.jpg\",\"contentUrl\":\"https:\\\/\\\/www.janning-picker.de\\\/wp-content\\\/uploads\\\/2025\\\/05\\\/Schleswig-Holstein-Friedrichskoog-Watt.jpg\",\"width\":800,\"height\":533,\"caption\":\"OLYMPUS DIGITAL CAMERA\"},{\"@type\":\"BreadcrumbList\",\"@id\":\"https:\\\/\\\/www.janning-picker.de\\\/es\\\/paralizacion-de-la-marcha-en-schleswig-holstein\\\/#breadcrumb\",\"itemListElement\":[{\"@type\":\"ListItem\",\"position\":1,\"name\":\"Startseite\",\"item\":\"https:\\\/\\\/www.janning-picker.de\\\/es\\\/\"},{\"@type\":\"ListItem\",\"position\":2,\"name\":\"Schleswig Holstein &#8211; parada &#8211; marcha\"}]},{\"@type\":\"WebSite\",\"@id\":\"https:\\\/\\\/www.janning-picker.de\\\/es\\\/#website\",\"url\":\"https:\\\/\\\/www.janning-picker.de\\\/es\\\/\",\"name\":\"Sarah Janning-Picker\",\"description\":\"Mit der Welt im Gespr\u00e4ch\",\"publisher\":{\"@id\":\"https:\\\/\\\/www.janning-picker.de\\\/es\\\/#organization\"},\"potentialAction\":[{\"@type\":\"SearchAction\",\"target\":{\"@type\":\"EntryPoint\",\"urlTemplate\":\"https:\\\/\\\/www.janning-picker.de\\\/es\\\/?s={search_term_string}\"},\"query-input\":{\"@type\":\"PropertyValueSpecification\",\"valueRequired\":true,\"valueName\":\"search_term_string\"}}],\"inLanguage\":\"es\"},{\"@type\":\"Organization\",\"@id\":\"https:\\\/\\\/www.janning-picker.de\\\/es\\\/#organization\",\"name\":\"Sarah Janning-Picker\",\"url\":\"https:\\\/\\\/www.janning-picker.de\\\/es\\\/\",\"logo\":{\"@type\":\"ImageObject\",\"inLanguage\":\"es\",\"@id\":\"https:\\\/\\\/www.janning-picker.de\\\/es\\\/#\\\/schema\\\/logo\\\/image\\\/\",\"url\":\"https:\\\/\\\/www.janning-picker.de\\\/wp-content\\\/uploads\\\/2025\\\/05\\\/logo.jpg\",\"contentUrl\":\"https:\\\/\\\/www.janning-picker.de\\\/wp-content\\\/uploads\\\/2025\\\/05\\\/logo.jpg\",\"width\":454,\"height\":69,\"caption\":\"Sarah Janning-Picker\"},\"image\":{\"@id\":\"https:\\\/\\\/www.janning-picker.de\\\/es\\\/#\\\/schema\\\/logo\\\/image\\\/\"}}]}<\/script>\n<!-- \/ Yoast SEO plugin. -->","yoast_head_json":{"title":"Schleswig Holstein - parada - marcha - Sarah Janning-Picker","robots":{"index":"index","follow":"follow","max-snippet":"max-snippet:-1","max-image-preview":"max-image-preview:large","max-video-preview":"max-video-preview:-1"},"canonical":"https:\/\/www.janning-picker.de\/es\/paralizacion-de-la-marcha-en-schleswig-holstein\/","og_locale":"es_ES","og_type":"article","og_title":"Schleswig Holstein - parada - marcha - Sarah Janning-Picker","og_description":"Schleswig Holstein &#8211; \u00a1Quieto &#8211; En marcha! De Gl\u00fcckstadt al Canal de Kiel Nos reunimos en el puerto de Gl\u00fcckstadt [&hellip;]","og_url":"https:\/\/www.janning-picker.de\/es\/paralizacion-de-la-marcha-en-schleswig-holstein\/","og_site_name":"Sarah Janning-Picker","article_modified_time":"2025-06-26T09:54:08+00:00","og_image":[{"width":800,"height":533,"url":"https:\/\/www.janning-picker.de\/wp-content\/uploads\/2025\/05\/Schleswig-Holstein-Friedrichskoog-Watt.jpg","type":"image\/jpeg"}],"twitter_card":"summary_large_image","twitter_misc":{"Tiempo de lectura":"4 minutos"},"schema":{"@context":"https:\/\/schema.org","@graph":[{"@type":"WebPage","@id":"https:\/\/www.janning-picker.de\/es\/paralizacion-de-la-marcha-en-schleswig-holstein\/","url":"https:\/\/www.janning-picker.de\/es\/paralizacion-de-la-marcha-en-schleswig-holstein\/","name":"Schleswig Holstein - parada - marcha - Sarah Janning-Picker","isPartOf":{"@id":"https:\/\/www.janning-picker.de\/es\/#website"},"primaryImageOfPage":{"@id":"https:\/\/www.janning-picker.de\/es\/paralizacion-de-la-marcha-en-schleswig-holstein\/#primaryimage"},"image":{"@id":"https:\/\/www.janning-picker.de\/es\/paralizacion-de-la-marcha-en-schleswig-holstein\/#primaryimage"},"thumbnailUrl":"https:\/\/www.janning-picker.de\/wp-content\/uploads\/2025\/05\/Schleswig-Holstein-Friedrichskoog-Watt.jpg","datePublished":"2025-05-27T08:28:07+00:00","dateModified":"2025-06-26T09:54:08+00:00","breadcrumb":{"@id":"https:\/\/www.janning-picker.de\/es\/paralizacion-de-la-marcha-en-schleswig-holstein\/#breadcrumb"},"inLanguage":"es","potentialAction":[{"@type":"ReadAction","target":["https:\/\/www.janning-picker.de\/es\/paralizacion-de-la-marcha-en-schleswig-holstein\/"]}]},{"@type":"ImageObject","inLanguage":"es","@id":"https:\/\/www.janning-picker.de\/es\/paralizacion-de-la-marcha-en-schleswig-holstein\/#primaryimage","url":"https:\/\/www.janning-picker.de\/wp-content\/uploads\/2025\/05\/Schleswig-Holstein-Friedrichskoog-Watt.jpg","contentUrl":"https:\/\/www.janning-picker.de\/wp-content\/uploads\/2025\/05\/Schleswig-Holstein-Friedrichskoog-Watt.jpg","width":800,"height":533,"caption":"OLYMPUS DIGITAL CAMERA"},{"@type":"BreadcrumbList","@id":"https:\/\/www.janning-picker.de\/es\/paralizacion-de-la-marcha-en-schleswig-holstein\/#breadcrumb","itemListElement":[{"@type":"ListItem","position":1,"name":"Startseite","item":"https:\/\/www.janning-picker.de\/es\/"},{"@type":"ListItem","position":2,"name":"Schleswig Holstein &#8211; parada &#8211; marcha"}]},{"@type":"WebSite","@id":"https:\/\/www.janning-picker.de\/es\/#website","url":"https:\/\/www.janning-picker.de\/es\/","name":"Sarah Janning-Picker","description":"Mit der Welt im Gespr\u00e4ch","publisher":{"@id":"https:\/\/www.janning-picker.de\/es\/#organization"},"potentialAction":[{"@type":"SearchAction","target":{"@type":"EntryPoint","urlTemplate":"https:\/\/www.janning-picker.de\/es\/?s={search_term_string}"},"query-input":{"@type":"PropertyValueSpecification","valueRequired":true,"valueName":"search_term_string"}}],"inLanguage":"es"},{"@type":"Organization","@id":"https:\/\/www.janning-picker.de\/es\/#organization","name":"Sarah Janning-Picker","url":"https:\/\/www.janning-picker.de\/es\/","logo":{"@type":"ImageObject","inLanguage":"es","@id":"https:\/\/www.janning-picker.de\/es\/#\/schema\/logo\/image\/","url":"https:\/\/www.janning-picker.de\/wp-content\/uploads\/2025\/05\/logo.jpg","contentUrl":"https:\/\/www.janning-picker.de\/wp-content\/uploads\/2025\/05\/logo.jpg","width":454,"height":69,"caption":"Sarah Janning-Picker"},"image":{"@id":"https:\/\/www.janning-picker.de\/es\/#\/schema\/logo\/image\/"}}]}},"_links":{"self":[{"href":"https:\/\/www.janning-picker.de\/es\/wp-json\/wp\/v2\/pages\/4294","targetHints":{"allow":["GET"]}}],"collection":[{"href":"https:\/\/www.janning-picker.de\/es\/wp-json\/wp\/v2\/pages"}],"about":[{"href":"https:\/\/www.janning-picker.de\/es\/wp-json\/wp\/v2\/types\/page"}],"author":[{"embeddable":true,"href":"https:\/\/www.janning-picker.de\/es\/wp-json\/wp\/v2\/users\/3"}],"replies":[{"embeddable":true,"href":"https:\/\/www.janning-picker.de\/es\/wp-json\/wp\/v2\/comments?post=4294"}],"version-history":[{"count":5,"href":"https:\/\/www.janning-picker.de\/es\/wp-json\/wp\/v2\/pages\/4294\/revisions"}],"predecessor-version":[{"id":5300,"href":"https:\/\/www.janning-picker.de\/es\/wp-json\/wp\/v2\/pages\/4294\/revisions\/5300"}],"wp:featuredmedia":[{"embeddable":true,"href":"https:\/\/www.janning-picker.de\/es\/wp-json\/wp\/v2\/media\/4299"}],"wp:attachment":[{"href":"https:\/\/www.janning-picker.de\/es\/wp-json\/wp\/v2\/media?parent=4294"}],"curies":[{"name":"wp","href":"https:\/\/api.w.org\/{rel}","templated":true}]}}