{"id":4295,"date":"2025-05-27T10:28:07","date_gmt":"2025-05-27T08:28:07","guid":{"rendered":"https:\/\/www.janning-picker.de\/schleswig-holstein-a-larret-marche\/"},"modified":"2025-06-26T11:54:38","modified_gmt":"2025-06-26T09:54:38","slug":"schleswig-holstein-a-larret-marche","status":"publish","type":"page","link":"https:\/\/www.janning-picker.de\/fr\/schleswig-holstein-a-larret-marche\/","title":{"rendered":"Schleswig Holstein &#8211; immobilis\u00e9 &#8211; Marche"},"content":{"rendered":"\t\t<div data-elementor-type=\"wp-page\" data-elementor-id=\"4295\" class=\"elementor elementor-4295 elementor-4291\" data-elementor-post-type=\"page\">\n\t\t\t\t<div class=\"elementor-element elementor-element-2fc43b7 e-flex e-con-boxed e-con e-parent\" data-id=\"2fc43b7\" data-element_type=\"container\">\n\t\t\t\t\t<div class=\"e-con-inner\">\n\t\t<div class=\"elementor-element elementor-element-24fd9278 e-con-full e-flex e-con e-child\" data-id=\"24fd9278\" data-element_type=\"container\" data-settings=\"{&quot;background_background&quot;:&quot;classic&quot;}\">\n\t\t\t\t<div class=\"elementor-element elementor-element-14d4c059 elementor-widget elementor-widget-heading\" data-id=\"14d4c059\" data-element_type=\"widget\" data-widget_type=\"heading.default\">\n\t\t\t\t<div class=\"elementor-widget-container\">\n\t\t\t\t\t<h1 class=\"elementor-heading-title elementor-size-default\">Schleswig Holstein - Garde-\u00e0-vous - Marche !<\/h1>\t\t\t\t<\/div>\n\t\t\t\t<\/div>\n\t\t\t\t<\/div>\n\t\t\t\t\t<\/div>\n\t\t\t\t<\/div>\n\t\t<div class=\"elementor-element elementor-element-5db60c15 e-flex e-con-boxed e-con e-parent\" data-id=\"5db60c15\" data-element_type=\"container\">\n\t\t\t\t\t<div class=\"e-con-inner\">\n\t\t<div class=\"elementor-element elementor-element-ed4ec32 e-con-full e-flex e-con e-child\" data-id=\"ed4ec32\" data-element_type=\"container\">\n\t\t\t\t<div class=\"elementor-element elementor-element-4dfb1882 elementor-widget elementor-widget-image\" data-id=\"4dfb1882\" data-element_type=\"widget\" data-widget_type=\"image.default\">\n\t\t\t\t<div class=\"elementor-widget-container\">\n\t\t\t\t\t\t\t\t\t\t\t\t\t\t\t\t<a href=\"https:\/\/www.janning-picker.de\/wp-content\/uploads\/2025\/05\/Schleswig-Holstein-Friedrichskoog-Watt.jpg\" data-elementor-open-lightbox=\"yes\" data-elementor-lightbox-title=\"OLYMPUS DIGITAL CAMERA\" data-elementor-lightbox-description=\"Schleswig-Holstein-Friedrichskoog-Watt\" data-e-action-hash=\"#elementor-action%3Aaction%3Dlightbox%26settings%3DeyJpZCI6NDI5OCwidXJsIjoiaHR0cHM6XC9cL3d3dy5qYW5uaW5nLXBpY2tlci5kZVwvd3AtY29udGVudFwvdXBsb2Fkc1wvMjAyNVwvMDVcL1NjaGxlc3dpZy1Ib2xzdGVpbi1GcmllZHJpY2hza29vZy1XYXR0LmpwZyJ9\">\n\t\t\t\t\t\t\t<img fetchpriority=\"high\" decoding=\"async\" width=\"768\" height=\"512\" src=\"https:\/\/www.janning-picker.de\/wp-content\/uploads\/2025\/05\/Schleswig-Holstein-Friedrichskoog-Watt-768x512.jpg\" class=\"attachment-medium_large size-medium_large wp-image-4298\" alt=\"Schleswig-Holstein-Friedrichskoog-Watt\" srcset=\"https:\/\/www.janning-picker.de\/wp-content\/uploads\/2025\/05\/Schleswig-Holstein-Friedrichskoog-Watt-768x512.jpg 768w, https:\/\/www.janning-picker.de\/wp-content\/uploads\/2025\/05\/Schleswig-Holstein-Friedrichskoog-Watt-300x200.jpg 300w, https:\/\/www.janning-picker.de\/wp-content\/uploads\/2025\/05\/Schleswig-Holstein-Friedrichskoog-Watt.jpg 800w\" sizes=\"(max-width: 768px) 100vw, 768px\" \/>\t\t\t\t\t\t\t\t<\/a>\n\t\t\t\t\t\t\t\t\t\t\t\t\t\t\t<\/div>\n\t\t\t\t<\/div>\n\t\t\t\t<\/div>\n\t\t<div class=\"elementor-element elementor-element-785e803d e-con-full e-flex e-con e-child\" data-id=\"785e803d\" data-element_type=\"container\">\n\t\t\t\t<div class=\"elementor-element elementor-element-505a50f elementor-widget elementor-widget-heading\" data-id=\"505a50f\" data-element_type=\"widget\" data-widget_type=\"heading.default\">\n\t\t\t\t<div class=\"elementor-widget-container\">\n\t\t\t\t\t<h3 class=\"elementor-heading-title elementor-size-default\">De Gl\u00fcckstadt au canal mer du Nord-mer Baltique<\/h3>\t\t\t\t<\/div>\n\t\t\t\t<\/div>\n\t\t\t\t<div class=\"elementor-element elementor-element-35d318db elementor-widget elementor-widget-text-editor\" data-id=\"35d318db\" data-element_type=\"widget\" data-widget_type=\"text-editor.default\">\n\t\t\t\t<div class=\"elementor-widget-container\">\n\t\t\t\t\t\t\t\t\t<p>Nous nous rencontrons au port de <strong><em>Gl\u00fcckstadt <\/em><\/strong>Une ville dont le nom \u00e9voque d\u00e9j\u00e0 une atmosph\u00e8re positive. Apr\u00e8s un mot de bienvenue et la pr\u00e9sentation du programme dans le cadre pittoresque de l <em>&lsquo;Elbe<\/em>, nous nous mettons en route pour Brunswick. <strong><em>Brunsb\u00fcttel <\/em><\/strong>Nous y visiterons les <em>\u00e9cluses<\/em> de l&rsquo;entr\u00e9e du canal. <strong><em>Canal de la mer du Nord<\/em><\/strong> et, si le temps le permet, nous prendrons le ferry. Avec un peu de chance, nous pourrons observer l&rsquo;un des 100 bateaux qui traversent chaque jour le NOK.  <\/p>\t\t\t\t\t\t\t\t<\/div>\n\t\t\t\t<\/div>\n\t\t\t\t<\/div>\n\t\t\t\t\t<\/div>\n\t\t\t\t<\/div>\n\t\t<div class=\"elementor-element elementor-element-52c3c1f2 e-flex e-con-boxed e-con e-parent\" data-id=\"52c3c1f2\" data-element_type=\"container\">\n\t\t\t\t\t<div class=\"e-con-inner\">\n\t\t<div class=\"elementor-element elementor-element-105da2be e-con-full e-flex e-con e-child\" data-id=\"105da2be\" data-element_type=\"container\">\n\t\t\t\t<div class=\"elementor-element elementor-element-99ea539 elementor-widget elementor-widget-heading\" data-id=\"99ea539\" data-element_type=\"widget\" data-widget_type=\"heading.default\">\n\t\t\t\t<div class=\"elementor-widget-container\">\n\t\t\t\t\t<h3 class=\"elementor-heading-title elementor-size-default\">De Marne \u00e0 Meldorf<\/h3>\t\t\t\t<\/div>\n\t\t\t\t<\/div>\n\t\t\t\t<div class=\"elementor-element elementor-element-16f654c2 elementor-widget elementor-widget-text-editor\" data-id=\"16f654c2\" data-element_type=\"widget\" data-widget_type=\"text-editor.default\">\n\t\t\t\t<div class=\"elementor-widget-container\">\n\t\t\t\t\t\t\t\t\t<p>Ce circuit dans le Schleswig-Holstein nous emm\u00e8ne ensuite \u00e0 travers <strong><em>Marne <\/em><\/strong>la capitale du carnaval du Schleswig-Holstein. <strong><em>Friedrichskoog<\/em><\/strong> o\u00f9 nous pouvons faire une petite promenade sur la digue au bord de l&rsquo;eau. Avec la mer des Wadden au large, ce petit coin de terre offre \u00e9galement d&rsquo;autres d\u00e9couvertes int\u00e9ressantes \u00e0 pied. Ce circuit dans le Schleswig-Holstein vous fera traverser de nombreux marais avant d&rsquo;arriver \u00e0 Meldorf. <strong><em>Meldorf <\/em><\/strong>L\u00e0, je peux vous montrer combien de terres la population a gagn\u00e9es sur la mer gr\u00e2ce \u00e0 ses \u00ab K\u00f6ge \u00bb. Le mus\u00e9e de l&rsquo;agriculture du Schleswig-Holstein est situ\u00e9 \u00e0 Meldorf et vous pourrez \u00e9galement y d\u00e9couvrir le tissage manuel historique.   <\/p>\t\t\t\t\t\t\t\t<\/div>\n\t\t\t\t<\/div>\n\t\t\t\t<\/div>\n\t\t\t\t\t<\/div>\n\t\t\t\t<\/div>\n\t\t<div class=\"elementor-element elementor-element-550b34c5 e-flex e-con-boxed e-con e-parent\" data-id=\"550b34c5\" data-element_type=\"container\">\n\t\t\t\t\t<div class=\"e-con-inner\">\n\t\t<div class=\"elementor-element elementor-element-20b21aa1 e-con-full e-flex e-con e-child\" data-id=\"20b21aa1\" data-element_type=\"container\">\n\t\t\t\t<div class=\"elementor-element elementor-element-529e321 elementor-widget elementor-widget-heading\" data-id=\"529e321\" data-element_type=\"widget\" data-widget_type=\"heading.default\">\n\t\t\t\t<div class=\"elementor-widget-container\">\n\t\t\t\t\t<h3 class=\"elementor-heading-title elementor-size-default\">B\u00fcsum<\/h3>\t\t\t\t<\/div>\n\t\t\t\t<\/div>\n\t\t\t\t<div class=\"elementor-element elementor-element-4693b031 elementor-widget elementor-widget-text-editor\" data-id=\"4693b031\" data-element_type=\"widget\" data-widget_type=\"text-editor.default\">\n\t\t\t\t<div class=\"elementor-widget-container\">\n\t\t\t\t\t\t\t\t\t<p>Apr\u00e8s une courte visite de la <strong><em>cath\u00e9drale de Meldorf<\/em><\/strong> nous nous rendrons \u00e0 <strong><em>B\u00fcsum <\/em><\/strong>nous nous rendons \u00e0 B\u00fcsen, qui nous salue de loin avec son phare. Cette station baln\u00e9aire de la mer du Nord peut se targuer, outre le \u00ab Sturmflutwelt Blanker Hans \u00bb, d&rsquo;un <strong><em>port-mus\u00e9e<\/em><\/strong> et une travers\u00e9e en ferry vers Helgoland. La pittoresque promenade du port peut se vanter de poss\u00e9der de nombreux chalutiers de p\u00eache en \u00e9tat de naviguer et d&rsquo;autres bateaux historiques. Un d\u00e9jeuner peut y \u00eatre organis\u00e9 en fonction du d\u00e9roulement du circuit dans le Schleswig-Holstein.   <\/p>\t\t\t\t\t\t\t\t<\/div>\n\t\t\t\t<\/div>\n\t\t\t\t<\/div>\n\t\t\t\t\t<\/div>\n\t\t\t\t<\/div>\n\t\t<div class=\"elementor-element elementor-element-9ce4bbf e-flex e-con-boxed e-con e-parent\" data-id=\"9ce4bbf\" data-element_type=\"container\">\n\t\t\t\t\t<div class=\"e-con-inner\">\n\t\t<div class=\"elementor-element elementor-element-32594deb e-con-full e-flex e-con e-child\" data-id=\"32594deb\" data-element_type=\"container\">\n\t\t\t\t<div class=\"elementor-element elementor-element-e5d8ac0 elementor-widget elementor-widget-heading\" data-id=\"e5d8ac0\" data-element_type=\"widget\" data-widget_type=\"heading.default\">\n\t\t\t\t<div class=\"elementor-widget-container\">\n\t\t\t\t\t<h3 class=\"elementor-heading-title elementor-size-default\">Bruy\u00e8re<\/h3>\t\t\t\t<\/div>\n\t\t\t\t<\/div>\n\t\t\t\t<div class=\"elementor-element elementor-element-317c1f18 elementor-widget elementor-widget-text-editor\" data-id=\"317c1f18\" data-element_type=\"widget\" data-widget_type=\"text-editor.default\">\n\t\t\t\t<div class=\"elementor-widget-container\">\n\t\t\t\t\t\t\t\t\t<p>La suite du voyage nous am\u00e8ne \u00e0 <strong><em>Heide <\/em><\/strong>o\u00f9 nous attend la plus grande place de march\u00e9 d&rsquo;Allemagne. Avec l \u00ab \u00e9glise <strong><em>l \u00bb \u00e9glise St. J\u00fcrgen<\/em><\/strong> au sud-ouest, Heide m\u00e9rite \u00e9galement un arr\u00eat. Il est \u00e9galement possible d&rsquo;y d\u00e9jeuner. Nous poursuivrons ensuite notre route \u00e0 travers les marais et les tourbi\u00e8res jusqu&rsquo;au parc national d&rsquo;Albersdorf. <strong><em>Parc de l \u00ab \u00e2ge de pierre d&rsquo;Albersdorf <\/em><\/strong>Nous y ferons une petite randonn\u00e9e et, si vous le souhaitez, nous pourrons visiter le mus\u00e9e d&rsquo;arch\u00e9ologie et d \u00bb \u00e9cologie de Dithmarschen.   <\/p>\t\t\t\t\t\t\t\t<\/div>\n\t\t\t\t<\/div>\n\t\t\t\t<\/div>\n\t\t\t\t\t<\/div>\n\t\t\t\t<\/div>\n\t\t<div class=\"elementor-element elementor-element-790322aa e-flex e-con-boxed e-con e-parent\" data-id=\"790322aa\" data-element_type=\"container\">\n\t\t\t\t\t<div class=\"e-con-inner\">\n\t\t<div class=\"elementor-element elementor-element-6c4349cf e-con-full e-flex e-con e-child\" data-id=\"6c4349cf\" data-element_type=\"container\">\n\t\t\t\t<div class=\"elementor-element elementor-element-2fed50a elementor-widget elementor-widget-heading\" data-id=\"2fed50a\" data-element_type=\"widget\" data-widget_type=\"heading.default\">\n\t\t\t\t<div class=\"elementor-widget-container\">\n\t\t\t\t\t<h3 class=\"elementor-heading-title elementor-size-default\">Du Wacken au ch\u00e2teau de Barmstedt<\/h3>\t\t\t\t<\/div>\n\t\t\t\t<\/div>\n\t\t\t\t<div class=\"elementor-element elementor-element-6c566cd8 elementor-widget elementor-widget-text-editor\" data-id=\"6c566cd8\" data-element_type=\"widget\" data-widget_type=\"text-editor.default\">\n\t\t\t\t<div class=\"elementor-widget-container\">\n\t\t\t\t\t\t\t\t\t<p>En continuant vers <strong><em>Barmstedt<\/em> <\/strong>nous faisons un petit d\u00e9tour par le village de Wacken, insignifiant en soi, qui devient une fois par an un lieu de p\u00e8lerinage pour les fans de festivals allemands et \u00e9trangers gr\u00e2ce au \u00ab\u00a0Wacken Open Air\u00a0\u00bb. Aussi <strong><em>Itzehoe<\/em><\/strong> peut \u00eatre inclus dans le programme si la journ\u00e9e est bien planifi\u00e9e. Arriv\u00e9s \u00e0 Barmstedt, nous explorons l&rsquo;\u00eele du ch\u00e2teau avec le <strong><em>Ch\u00e2teau<\/em><\/strong> et nous y d\u00e9gustons encore du caf\u00e9 et des g\u00e2teaux, que nous pouvons d\u00e9guster en nous promenant le long du <strong><em>lac de Rantzau<\/em> <\/strong>Nous nous sommes ensuite repos\u00e9s.  <\/p>\t\t\t\t\t\t\t\t<\/div>\n\t\t\t\t<\/div>\n\t\t\t\t<\/div>\n\t\t\t\t\t<\/div>\n\t\t\t\t<\/div>\n\t\t<div class=\"elementor-element elementor-element-591d001 e-flex e-con-boxed e-con e-parent\" data-id=\"591d001\" data-element_type=\"container\">\n\t\t\t\t\t<div class=\"e-con-inner\">\n\t\t<div class=\"elementor-element elementor-element-006073b e-con-full e-flex e-con e-child\" data-id=\"006073b\" data-element_type=\"container\">\n\t\t\t\t<div class=\"elementor-element elementor-element-8d857ad elementor-widget elementor-widget-heading\" data-id=\"8d857ad\" data-element_type=\"widget\" data-widget_type=\"heading.default\">\n\t\t\t\t<div class=\"elementor-widget-container\">\n\t\t\t\t\t<h3 class=\"elementor-heading-title elementor-size-default\">Derni\u00e8re ligne droite vers Elmshorn<\/h3>\t\t\t\t<\/div>\n\t\t\t\t<\/div>\n\t\t\t\t<div class=\"elementor-element elementor-element-7873ecb elementor-widget elementor-widget-text-editor\" data-id=\"7873ecb\" data-element_type=\"widget\" data-widget_type=\"text-editor.default\">\n\t\t\t\t<div class=\"elementor-widget-container\">\n\t\t\t\t\t\t\t\t\t<p>La derni\u00e8re ligne droite de notre tour du Schleswig-Holstein est la route vers <strong><em>Elmshorn <\/em><\/strong>Nous y poserons des questions ouvertes et y apporterons, je l&rsquo;esp\u00e8re, des r\u00e9ponses pertinentes, comme par exemple : \u00ab\u00a0Quand ferez-vous votre prochain tour avec moi ? Je vous saluerai ensuite \u00e0 l&rsquo;<em> <strong>\u00e9glise Saint-Nicolas<\/strong><\/em> d&rsquo;Elmshorn, en esp\u00e9rant que vous avez pass\u00e9 une bonne journ\u00e9e en ma compagnie ! Cette visite du Schleswig-Holstein peut bien entendu \u00eatre prolong\u00e9e, raccourcie ou modifi\u00e9e selon vos souhaits.  <\/p>\t\t\t\t\t\t\t\t<\/div>\n\t\t\t\t<\/div>\n\t\t\t\t<\/div>\n\t\t\t\t\t<\/div>\n\t\t\t\t<\/div>\n\t\t<div class=\"elementor-element elementor-element-1ee688a3 e-flex e-con-boxed e-con e-parent\" data-id=\"1ee688a3\" data-element_type=\"container\">\n\t\t\t\t\t<div class=\"e-con-inner\">\n\t\t<div class=\"elementor-element elementor-element-4f60d689 e-con-full e-flex e-con e-child\" data-id=\"4f60d689\" data-element_type=\"container\">\n\t\t\t\t<div class=\"elementor-element elementor-element-53b0e624 elementor-widget elementor-widget-heading\" data-id=\"53b0e624\" data-element_type=\"widget\" data-widget_type=\"heading.default\">\n\t\t\t\t<div class=\"elementor-widget-container\">\n\t\t\t\t\t<h3 class=\"elementor-heading-title elementor-size-default\">Br\u00e8ves informations<\/h3>\t\t\t\t<\/div>\n\t\t\t\t<\/div>\n\t\t\t\t<div class=\"elementor-element elementor-element-5e0088f elementor-widget elementor-widget-text-editor\" data-id=\"5e0088f\" data-element_type=\"widget\" data-widget_type=\"text-editor.default\">\n\t\t\t\t<div class=\"elementor-widget-container\">\n\t\t\t\t\t\t\t\t\t<p><strong>Points forts :<\/strong><br>Gl\u00fcckstadt, \u00e9cluse du canal de la mer du Nord \u00e0 Brunsb\u00fcttel, Marne, Friedrichskoog, cath\u00e9drale de Meldorf, phare de B\u00fcsum, Heide, tourbi\u00e8res, centre arch\u00e9ologique d&rsquo;Albersdorf, Wacken, Itzehoe, ch\u00e2teau de Barmstedt, Elmshorn<\/p><p><strong>Distance, dur\u00e9e approximative :<\/strong><br>215 Km, d\u00e9jeuner et pause-caf\u00e9 inclus, environ 9-10 heures <\/p><p><strong>Point de d\u00e9part :<\/strong><br>Gl\u00fcckstadt<\/p><p><strong>Point d&rsquo;arriv\u00e9e :<\/strong><br>Elmshorn<\/p><p><strong>D\u00e9placement :<\/strong><br>par bus, je me ferai un plaisir de demander une offre \u00e0 ma soci\u00e9t\u00e9 de confiance pour<br>vous.<\/p><p><strong>Remarque :<\/strong><br>Ce circuit dans le Schleswig-Holstein est une excursion d&rsquo;une journ\u00e9e compl\u00e8te, mais il peut bien entendu \u00eatre modifi\u00e9 en fonction de vos besoins. N&rsquo;h\u00e9sitez pas \u00e0 me contacter. Toutes les attractions touristiques sont visit\u00e9es de l&rsquo;ext\u00e9rieur, les visites int\u00e9rieures doivent \u00eatre convenues au cas par cas avec l&rsquo;attraction touristique et, le cas \u00e9ch\u00e9ant, pay\u00e9es s\u00e9par\u00e9ment.  <\/p>\t\t\t\t\t\t\t\t<\/div>\n\t\t\t\t<\/div>\n\t\t\t\t<\/div>\n\t\t\t\t\t<\/div>\n\t\t\t\t<\/div>\n\t\t<div class=\"elementor-element elementor-element-1a29fbf6 e-flex e-con-boxed e-con e-parent\" data-id=\"1a29fbf6\" data-element_type=\"container\">\n\t\t\t\t\t<div class=\"e-con-inner\">\n\t\t\t\t<div class=\"elementor-element elementor-element-1c5dc556 elementor-widget elementor-widget-spacer\" data-id=\"1c5dc556\" data-element_type=\"widget\" data-widget_type=\"spacer.default\">\n\t\t\t\t<div class=\"elementor-widget-container\">\n\t\t\t\t\t\t\t<div class=\"elementor-spacer\">\n\t\t\t<div class=\"elementor-spacer-inner\"><\/div>\n\t\t<\/div>\n\t\t\t\t\t\t<\/div>\n\t\t\t\t<\/div>\n\t\t\t\t\t<\/div>\n\t\t\t\t<\/div>\n\t\t\t\t<\/div>\n\t\t","protected":false},"excerpt":{"rendered":"<p>Schleswig Holstein &#8211; Garde-\u00e0-vous &#8211; Marche ! De Gl\u00fcckstadt au canal mer du Nord-mer Baltique Nous nous rencontrons au port [&hellip;]<\/p>\n","protected":false},"author":3,"featured_media":4298,"parent":0,"menu_order":0,"comment_status":"closed","ping_status":"closed","template":"","meta":{"site-sidebar-layout":"no-sidebar","site-content-layout":"","ast-site-content-layout":"full-width-container","site-content-style":"default","site-sidebar-style":"default","ast-global-header-display":"","ast-banner-title-visibility":"","ast-main-header-display":"","ast-hfb-above-header-display":"","ast-hfb-below-header-display":"","ast-hfb-mobile-header-display":"","site-post-title":"disabled","ast-breadcrumbs-content":"","ast-featured-img":"disabled","footer-sml-layout":"","theme-transparent-header-meta":"","adv-header-id-meta":"","stick-header-meta":"","header-above-stick-meta":"","header-main-stick-meta":"","header-below-stick-meta":"","astra-migrate-meta-layouts":"default","ast-page-background-enabled":"default","ast-page-background-meta":{"desktop":{"background-color":"var(--ast-global-color-5)","background-image":"","background-repeat":"repeat","background-position":"center center","background-size":"auto","background-attachment":"scroll","background-type":"","background-media":"","overlay-type":"","overlay-color":"","overlay-opacity":"","overlay-gradient":""},"tablet":{"background-color":"","background-image":"","background-repeat":"repeat","background-position":"center center","background-size":"auto","background-attachment":"scroll","background-type":"","background-media":"","overlay-type":"","overlay-color":"","overlay-opacity":"","overlay-gradient":""},"mobile":{"background-color":"","background-image":"","background-repeat":"repeat","background-position":"center center","background-size":"auto","background-attachment":"scroll","background-type":"","background-media":"","overlay-type":"","overlay-color":"","overlay-opacity":"","overlay-gradient":""}},"ast-content-background-meta":{"desktop":{"background-color":"var(--ast-global-color-4)","background-image":"","background-repeat":"repeat","background-position":"center center","background-size":"auto","background-attachment":"scroll","background-type":"","background-media":"","overlay-type":"","overlay-color":"","overlay-opacity":"","overlay-gradient":""},"tablet":{"background-color":"var(--ast-global-color-4)","background-image":"","background-repeat":"repeat","background-position":"center center","background-size":"auto","background-attachment":"scroll","background-type":"","background-media":"","overlay-type":"","overlay-color":"","overlay-opacity":"","overlay-gradient":""},"mobile":{"background-color":"var(--ast-global-color-4)","background-image":"","background-repeat":"repeat","background-position":"center center","background-size":"auto","background-attachment":"scroll","background-type":"","background-media":"","overlay-type":"","overlay-color":"","overlay-opacity":"","overlay-gradient":""}},"footnotes":""},"class_list":["post-4295","page","type-page","status-publish","has-post-thumbnail","hentry"],"yoast_head":"<!-- This site is optimized with the Yoast SEO plugin v27.5 - https:\/\/yoast.com\/product\/yoast-seo-wordpress\/ -->\n<title>Schleswig Holstein - immobilis\u00e9 - Marche - Sarah Janning-Picker<\/title>\n<meta name=\"robots\" content=\"index, follow, max-snippet:-1, max-image-preview:large, max-video-preview:-1\" \/>\n<link rel=\"canonical\" href=\"https:\/\/www.janning-picker.de\/fr\/schleswig-holstein-a-larret-marche\/\" \/>\n<meta property=\"og:locale\" content=\"fr_FR\" \/>\n<meta property=\"og:type\" content=\"article\" \/>\n<meta property=\"og:title\" content=\"Schleswig Holstein - immobilis\u00e9 - Marche - Sarah Janning-Picker\" \/>\n<meta property=\"og:description\" content=\"Schleswig Holstein &#8211; Garde-\u00e0-vous &#8211; Marche ! De Gl\u00fcckstadt au canal mer du Nord-mer Baltique Nous nous rencontrons au port [&hellip;]\" \/>\n<meta property=\"og:url\" content=\"https:\/\/www.janning-picker.de\/fr\/schleswig-holstein-a-larret-marche\/\" \/>\n<meta property=\"og:site_name\" content=\"Sarah Janning-Picker\" \/>\n<meta property=\"article:modified_time\" content=\"2025-06-26T09:54:38+00:00\" \/>\n<meta property=\"og:image\" content=\"https:\/\/www.janning-picker.de\/wp-content\/uploads\/2025\/05\/Schleswig-Holstein-Friedrichskoog-Watt.jpg\" \/>\n\t<meta property=\"og:image:width\" content=\"800\" \/>\n\t<meta property=\"og:image:height\" content=\"533\" \/>\n\t<meta property=\"og:image:type\" content=\"image\/jpeg\" \/>\n<meta name=\"twitter:card\" content=\"summary_large_image\" \/>\n<meta name=\"twitter:label1\" content=\"Dur\u00e9e de lecture estim\u00e9e\" \/>\n\t<meta name=\"twitter:data1\" content=\"4 minutes\" \/>\n<script type=\"application\/ld+json\" class=\"yoast-schema-graph\">{\"@context\":\"https:\\\/\\\/schema.org\",\"@graph\":[{\"@type\":\"WebPage\",\"@id\":\"https:\\\/\\\/www.janning-picker.de\\\/fr\\\/schleswig-holstein-a-larret-marche\\\/\",\"url\":\"https:\\\/\\\/www.janning-picker.de\\\/fr\\\/schleswig-holstein-a-larret-marche\\\/\",\"name\":\"Schleswig Holstein - immobilis\u00e9 - Marche - Sarah Janning-Picker\",\"isPartOf\":{\"@id\":\"https:\\\/\\\/www.janning-picker.de\\\/fr\\\/#website\"},\"primaryImageOfPage\":{\"@id\":\"https:\\\/\\\/www.janning-picker.de\\\/fr\\\/schleswig-holstein-a-larret-marche\\\/#primaryimage\"},\"image\":{\"@id\":\"https:\\\/\\\/www.janning-picker.de\\\/fr\\\/schleswig-holstein-a-larret-marche\\\/#primaryimage\"},\"thumbnailUrl\":\"https:\\\/\\\/www.janning-picker.de\\\/wp-content\\\/uploads\\\/2025\\\/05\\\/Schleswig-Holstein-Friedrichskoog-Watt.jpg\",\"datePublished\":\"2025-05-27T08:28:07+00:00\",\"dateModified\":\"2025-06-26T09:54:38+00:00\",\"breadcrumb\":{\"@id\":\"https:\\\/\\\/www.janning-picker.de\\\/fr\\\/schleswig-holstein-a-larret-marche\\\/#breadcrumb\"},\"inLanguage\":\"fr-FR\",\"potentialAction\":[{\"@type\":\"ReadAction\",\"target\":[\"https:\\\/\\\/www.janning-picker.de\\\/fr\\\/schleswig-holstein-a-larret-marche\\\/\"]}]},{\"@type\":\"ImageObject\",\"inLanguage\":\"fr-FR\",\"@id\":\"https:\\\/\\\/www.janning-picker.de\\\/fr\\\/schleswig-holstein-a-larret-marche\\\/#primaryimage\",\"url\":\"https:\\\/\\\/www.janning-picker.de\\\/wp-content\\\/uploads\\\/2025\\\/05\\\/Schleswig-Holstein-Friedrichskoog-Watt.jpg\",\"contentUrl\":\"https:\\\/\\\/www.janning-picker.de\\\/wp-content\\\/uploads\\\/2025\\\/05\\\/Schleswig-Holstein-Friedrichskoog-Watt.jpg\",\"width\":800,\"height\":533,\"caption\":\"OLYMPUS DIGITAL CAMERA\"},{\"@type\":\"BreadcrumbList\",\"@id\":\"https:\\\/\\\/www.janning-picker.de\\\/fr\\\/schleswig-holstein-a-larret-marche\\\/#breadcrumb\",\"itemListElement\":[{\"@type\":\"ListItem\",\"position\":1,\"name\":\"Startseite\",\"item\":\"https:\\\/\\\/www.janning-picker.de\\\/fr\\\/\"},{\"@type\":\"ListItem\",\"position\":2,\"name\":\"Schleswig Holstein &#8211; immobilis\u00e9 &#8211; Marche\"}]},{\"@type\":\"WebSite\",\"@id\":\"https:\\\/\\\/www.janning-picker.de\\\/fr\\\/#website\",\"url\":\"https:\\\/\\\/www.janning-picker.de\\\/fr\\\/\",\"name\":\"Sarah Janning-Picker\",\"description\":\"Mit der Welt im Gespr\u00e4ch\",\"publisher\":{\"@id\":\"https:\\\/\\\/www.janning-picker.de\\\/fr\\\/#organization\"},\"potentialAction\":[{\"@type\":\"SearchAction\",\"target\":{\"@type\":\"EntryPoint\",\"urlTemplate\":\"https:\\\/\\\/www.janning-picker.de\\\/fr\\\/?s={search_term_string}\"},\"query-input\":{\"@type\":\"PropertyValueSpecification\",\"valueRequired\":true,\"valueName\":\"search_term_string\"}}],\"inLanguage\":\"fr-FR\"},{\"@type\":\"Organization\",\"@id\":\"https:\\\/\\\/www.janning-picker.de\\\/fr\\\/#organization\",\"name\":\"Sarah Janning-Picker\",\"url\":\"https:\\\/\\\/www.janning-picker.de\\\/fr\\\/\",\"logo\":{\"@type\":\"ImageObject\",\"inLanguage\":\"fr-FR\",\"@id\":\"https:\\\/\\\/www.janning-picker.de\\\/fr\\\/#\\\/schema\\\/logo\\\/image\\\/\",\"url\":\"https:\\\/\\\/www.janning-picker.de\\\/wp-content\\\/uploads\\\/2025\\\/05\\\/logo.jpg\",\"contentUrl\":\"https:\\\/\\\/www.janning-picker.de\\\/wp-content\\\/uploads\\\/2025\\\/05\\\/logo.jpg\",\"width\":454,\"height\":69,\"caption\":\"Sarah Janning-Picker\"},\"image\":{\"@id\":\"https:\\\/\\\/www.janning-picker.de\\\/fr\\\/#\\\/schema\\\/logo\\\/image\\\/\"}}]}<\/script>\n<!-- \/ Yoast SEO plugin. -->","yoast_head_json":{"title":"Schleswig Holstein - immobilis\u00e9 - Marche - Sarah Janning-Picker","robots":{"index":"index","follow":"follow","max-snippet":"max-snippet:-1","max-image-preview":"max-image-preview:large","max-video-preview":"max-video-preview:-1"},"canonical":"https:\/\/www.janning-picker.de\/fr\/schleswig-holstein-a-larret-marche\/","og_locale":"fr_FR","og_type":"article","og_title":"Schleswig Holstein - immobilis\u00e9 - Marche - Sarah Janning-Picker","og_description":"Schleswig Holstein &#8211; Garde-\u00e0-vous &#8211; Marche ! De Gl\u00fcckstadt au canal mer du Nord-mer Baltique Nous nous rencontrons au port [&hellip;]","og_url":"https:\/\/www.janning-picker.de\/fr\/schleswig-holstein-a-larret-marche\/","og_site_name":"Sarah Janning-Picker","article_modified_time":"2025-06-26T09:54:38+00:00","og_image":[{"width":800,"height":533,"url":"https:\/\/www.janning-picker.de\/wp-content\/uploads\/2025\/05\/Schleswig-Holstein-Friedrichskoog-Watt.jpg","type":"image\/jpeg"}],"twitter_card":"summary_large_image","twitter_misc":{"Dur\u00e9e de lecture estim\u00e9e":"4 minutes"},"schema":{"@context":"https:\/\/schema.org","@graph":[{"@type":"WebPage","@id":"https:\/\/www.janning-picker.de\/fr\/schleswig-holstein-a-larret-marche\/","url":"https:\/\/www.janning-picker.de\/fr\/schleswig-holstein-a-larret-marche\/","name":"Schleswig Holstein - immobilis\u00e9 - Marche - Sarah Janning-Picker","isPartOf":{"@id":"https:\/\/www.janning-picker.de\/fr\/#website"},"primaryImageOfPage":{"@id":"https:\/\/www.janning-picker.de\/fr\/schleswig-holstein-a-larret-marche\/#primaryimage"},"image":{"@id":"https:\/\/www.janning-picker.de\/fr\/schleswig-holstein-a-larret-marche\/#primaryimage"},"thumbnailUrl":"https:\/\/www.janning-picker.de\/wp-content\/uploads\/2025\/05\/Schleswig-Holstein-Friedrichskoog-Watt.jpg","datePublished":"2025-05-27T08:28:07+00:00","dateModified":"2025-06-26T09:54:38+00:00","breadcrumb":{"@id":"https:\/\/www.janning-picker.de\/fr\/schleswig-holstein-a-larret-marche\/#breadcrumb"},"inLanguage":"fr-FR","potentialAction":[{"@type":"ReadAction","target":["https:\/\/www.janning-picker.de\/fr\/schleswig-holstein-a-larret-marche\/"]}]},{"@type":"ImageObject","inLanguage":"fr-FR","@id":"https:\/\/www.janning-picker.de\/fr\/schleswig-holstein-a-larret-marche\/#primaryimage","url":"https:\/\/www.janning-picker.de\/wp-content\/uploads\/2025\/05\/Schleswig-Holstein-Friedrichskoog-Watt.jpg","contentUrl":"https:\/\/www.janning-picker.de\/wp-content\/uploads\/2025\/05\/Schleswig-Holstein-Friedrichskoog-Watt.jpg","width":800,"height":533,"caption":"OLYMPUS DIGITAL CAMERA"},{"@type":"BreadcrumbList","@id":"https:\/\/www.janning-picker.de\/fr\/schleswig-holstein-a-larret-marche\/#breadcrumb","itemListElement":[{"@type":"ListItem","position":1,"name":"Startseite","item":"https:\/\/www.janning-picker.de\/fr\/"},{"@type":"ListItem","position":2,"name":"Schleswig Holstein &#8211; immobilis\u00e9 &#8211; Marche"}]},{"@type":"WebSite","@id":"https:\/\/www.janning-picker.de\/fr\/#website","url":"https:\/\/www.janning-picker.de\/fr\/","name":"Sarah Janning-Picker","description":"Mit der Welt im Gespr\u00e4ch","publisher":{"@id":"https:\/\/www.janning-picker.de\/fr\/#organization"},"potentialAction":[{"@type":"SearchAction","target":{"@type":"EntryPoint","urlTemplate":"https:\/\/www.janning-picker.de\/fr\/?s={search_term_string}"},"query-input":{"@type":"PropertyValueSpecification","valueRequired":true,"valueName":"search_term_string"}}],"inLanguage":"fr-FR"},{"@type":"Organization","@id":"https:\/\/www.janning-picker.de\/fr\/#organization","name":"Sarah Janning-Picker","url":"https:\/\/www.janning-picker.de\/fr\/","logo":{"@type":"ImageObject","inLanguage":"fr-FR","@id":"https:\/\/www.janning-picker.de\/fr\/#\/schema\/logo\/image\/","url":"https:\/\/www.janning-picker.de\/wp-content\/uploads\/2025\/05\/logo.jpg","contentUrl":"https:\/\/www.janning-picker.de\/wp-content\/uploads\/2025\/05\/logo.jpg","width":454,"height":69,"caption":"Sarah Janning-Picker"},"image":{"@id":"https:\/\/www.janning-picker.de\/fr\/#\/schema\/logo\/image\/"}}]}},"_links":{"self":[{"href":"https:\/\/www.janning-picker.de\/fr\/wp-json\/wp\/v2\/pages\/4295","targetHints":{"allow":["GET"]}}],"collection":[{"href":"https:\/\/www.janning-picker.de\/fr\/wp-json\/wp\/v2\/pages"}],"about":[{"href":"https:\/\/www.janning-picker.de\/fr\/wp-json\/wp\/v2\/types\/page"}],"author":[{"embeddable":true,"href":"https:\/\/www.janning-picker.de\/fr\/wp-json\/wp\/v2\/users\/3"}],"replies":[{"embeddable":true,"href":"https:\/\/www.janning-picker.de\/fr\/wp-json\/wp\/v2\/comments?post=4295"}],"version-history":[{"count":10,"href":"https:\/\/www.janning-picker.de\/fr\/wp-json\/wp\/v2\/pages\/4295\/revisions"}],"predecessor-version":[{"id":5301,"href":"https:\/\/www.janning-picker.de\/fr\/wp-json\/wp\/v2\/pages\/4295\/revisions\/5301"}],"wp:featuredmedia":[{"embeddable":true,"href":"https:\/\/www.janning-picker.de\/fr\/wp-json\/wp\/v2\/media\/4298"}],"wp:attachment":[{"href":"https:\/\/www.janning-picker.de\/fr\/wp-json\/wp\/v2\/media?parent=4295"}],"curies":[{"name":"wp","href":"https:\/\/api.w.org\/{rel}","templated":true}]}}